{"id":10193,"date":"2021-09-21T16:25:18","date_gmt":"2021-09-21T14:25:18","guid":{"rendered":"https:\/\/mpg-do.de\/?page_id=10193"},"modified":"2021-09-21T16:34:47","modified_gmt":"2021-09-21T14:34:47","slug":"kunst-ag-alltags-raeume-gestalten","status":"publish","type":"page","link":"https:\/\/mpg-do.de\/?page_id=10193","title":{"rendered":"Kunst-AG &#8211; (Alltags-)R\u00e4ume gestalten"},"content":{"rendered":"\n<p class=\"wp-block-paragraph\"><strong>Ort: Kunstraum 1, Exkursionen m\u00f6glich<\/strong><br><strong>Zeit: Mittwoch, 8.\/9. Stunde<\/strong><br><strong>Zielgruppe: 9 &#8211; Q2<\/strong><\/p>\n\n\n\n<p class=\"wp-block-paragraph\">Nicht wahrgenommen, nicht wertgesch\u00e4tzt&#8230;abgebaut, eingelagert und entsorgt!&nbsp;<\/p>\n\n\n\n<p class=\"wp-block-paragraph\">K\u00fcnstlerische und architektonische Gestaltungen von R\u00e4umen sind immer den aktuellen Bed\u00fcrfnissen und Haltungen einer Gesellschaft und dem Zeitgeschmack unterworfen. Diese sind im steten Wandel. Wir entdecken Alltagsr\u00e4ume, z.B. die Innenstadt, das Schulgeb\u00e4ude etc., und entwickeln Konzepte und Ideen f\u00fcr nachhaltige \u00e4sthetische Gestaltungen.&nbsp;<\/p>\n\n\n\n<p class=\"wp-block-paragraph\"><strong>Schwerpunkte:<\/strong><\/p>\n\n\n\n<ul class=\"wp-block-list\"><li>dreidimensionales Gestalten (Skulptur, Plastik, Modelle) mit verschiedenen Materialien, z.B. Ton<\/li><li>Kunst im \u00f6ffentlichen Raum und Kunst am Bau (Kunst und Architektur), z.B. Mosaike, abstrakte Fl\u00e4chenmalerei etc.<\/li><\/ul>\n\n\n\n<p class=\"wp-block-paragraph\"><strong>Ziele: <\/strong><\/p>\n\n\n\n<p class=\"wp-block-paragraph\">Verwirklichung von gemeinsam entwickelten Gestaltungsprojekten im \u00f6ffentlichen Raum in Absprache mit Schule\/Stadt etc. sowie individuelle Projekte (plastisches Gestalten).<\/p>\n\n\n\n<figure class=\"wp-block-image size-large\"><img loading=\"lazy\" decoding=\"async\" width=\"400\" height=\"600\" src=\"https:\/\/mpg-do.de\/wp-content\/uploads\/2021\/09\/758DCEAC-2944-4E13-A845-BDBB702F7A55-400x600.jpeg\" alt=\"\" class=\"wp-image-10197\" srcset=\"https:\/\/mpg-do.de\/wp-content\/uploads\/2021\/09\/758DCEAC-2944-4E13-A845-BDBB702F7A55-400x600.jpeg 400w, https:\/\/mpg-do.de\/wp-content\/uploads\/2021\/09\/758DCEAC-2944-4E13-A845-BDBB702F7A55-200x300.jpeg 200w, https:\/\/mpg-do.de\/wp-content\/uploads\/2021\/09\/758DCEAC-2944-4E13-A845-BDBB702F7A55-43x64.jpeg 43w, https:\/\/mpg-do.de\/wp-content\/uploads\/2021\/09\/758DCEAC-2944-4E13-A845-BDBB702F7A55.jpeg 533w\" sizes=\"auto, (max-width: 400px) 100vw, 400px\" \/><\/figure>\n","protected":false},"excerpt":{"rendered":"<p>Ort: Kunstraum 1, Exkursionen m\u00f6glichZeit: Mittwoch, 8.\/9. StundeZielgruppe: 9 &#8211; Q2 Nicht wahrgenommen, nicht wertgesch\u00e4tzt&#8230;abgebaut, eingelagert und entsorgt!&nbsp; K\u00fcnstlerische und architektonische Gestaltungen von R\u00e4umen sind immer den aktuellen Bed\u00fcrfnissen und Haltungen einer Gesellschaft und dem Zeitgeschmack unterworfen. Diese sind im steten Wandel. Wir entdecken Alltagsr\u00e4ume, z.B. die Innenstadt, das Schulgeb\u00e4ude etc., und entwickeln Konzepte und &hellip; <\/p>\n<p class=\"link-more\"><a href=\"https:\/\/mpg-do.de\/?page_id=10193\" class=\"more-link\"><span class=\"screen-reader-text\">\u201eKunst-AG &#8211; (Alltags-)R\u00e4ume gestalten\u201c <\/span>weiterlesen<\/a><\/p>\n","protected":false},"author":5,"featured_media":10199,"parent":679,"menu_order":0,"comment_status":"closed","ping_status":"closed","template":"","meta":{"_crdt_document":"","footnotes":""},"class_list":["post-10193","page","type-page","status-publish","has-post-thumbnail","hentry","entry"],"_links":{"self":[{"href":"https:\/\/mpg-do.de\/index.php?rest_route=\/wp\/v2\/pages\/10193","targetHints":{"allow":["GET"]}}],"collection":[{"href":"https:\/\/mpg-do.de\/index.php?rest_route=\/wp\/v2\/pages"}],"about":[{"href":"https:\/\/mpg-do.de\/index.php?rest_route=\/wp\/v2\/types\/page"}],"author":[{"embeddable":true,"href":"https:\/\/mpg-do.de\/index.php?rest_route=\/wp\/v2\/users\/5"}],"replies":[{"embeddable":true,"href":"https:\/\/mpg-do.de\/index.php?rest_route=%2Fwp%2Fv2%2Fcomments&post=10193"}],"version-history":[{"count":2,"href":"https:\/\/mpg-do.de\/index.php?rest_route=\/wp\/v2\/pages\/10193\/revisions"}],"predecessor-version":[{"id":10198,"href":"https:\/\/mpg-do.de\/index.php?rest_route=\/wp\/v2\/pages\/10193\/revisions\/10198"}],"up":[{"embeddable":true,"href":"https:\/\/mpg-do.de\/index.php?rest_route=\/wp\/v2\/pages\/679"}],"wp:featuredmedia":[{"embeddable":true,"href":"https:\/\/mpg-do.de\/index.php?rest_route=\/wp\/v2\/media\/10199"}],"wp:attachment":[{"href":"https:\/\/mpg-do.de\/index.php?rest_route=%2Fwp%2Fv2%2Fmedia&parent=10193"}],"curies":[{"name":"wp","href":"https:\/\/api.w.org\/{rel}","templated":true}]}}