{"id":11814,"date":"2022-11-25T09:16:34","date_gmt":"2022-11-25T08:16:34","guid":{"rendered":"https:\/\/mpg-do.de\/?page_id=11814"},"modified":"2022-11-26T13:20:04","modified_gmt":"2022-11-26T12:20:04","slug":"jugend-debattiert","status":"publish","type":"page","link":"https:\/\/mpg-do.de\/?page_id=11814","title":{"rendered":"Jugend debattiert"},"content":{"rendered":"\n<p class=\"wp-block-paragraph\">Im Rahmen des Deutschunterrichts \u00fcben alle Sch\u00fcler_innen des 9. Jahrgangs des Max-Planck-Gymnasiums den Umgang mit dem Debattenformat von \u201eJugend debattiert\u201c. Anschlie\u00dfend debattieren sie in einem Klassenwettbewerb gegeneinander. Die Sieger_innen aus den einzelnen Klassen treten im Schulwettbewerb gegeneinander an. H\u00f6hepunkt ist die Finaldebatte in der Aula des Max-Planck-Gymnasiums im Januar. Die Sieger_innen des Schulwettbewerbs nehmen an dem Regionalwettbewerb teil.<\/p>\n\n\n\n<p class=\"wp-block-paragraph\">Grundlage von \u201eJugend debattiert\u201c ist ein bundesweites Schulnetz. Die Schulen sind&nbsp;schulart\u00fcbergreifend in Verb\u00fcnden organisiert. Lehrkr\u00e4fte aller F\u00e4cher dieser Schulen werden von landeseigenen Lehrer-Trainern im Debattieren geschult. Anschlie\u00dfend trainieren die Lehrkr\u00e4fte ihre Sch\u00fcler_innen im Unterricht. Der Wettbewerb erfolgt auf vier Ebenen: Schule, Region, Land und Bund. Dabei debattieren die Sch\u00fcler_innen der Sekundarstufe I durchg\u00e4ngig getrennt von den Oberstufensch\u00fclern. Als Preise erhalten die Sch\u00fcler_innen mehrt\u00e4gige Seminare bei freiberuflichen \u201eJugend debattiert\u201c-Trainern, die zugleich Vorbereitung f\u00fcr die n\u00e4chste Wettbewerbsebene sind. Der Wettbewerb findet seit 2002 j\u00e4hrlich statt und steht unter der Schirmherrschaft des Bundespr\u00e4sidenten. In NRW nehmen mittlerweile deutlich \u00fcber 300 Schulen an dem Projekt teil. &nbsp;<\/p>\n\n\n\n<p class=\"wp-block-paragraph\">Debattiert werden aktuelle gesellschaftliche Fragen, z.B. ob ein Tempolimit auf deutschen Autobahnen eingef\u00fchrt werden soll. \u201eJugend debattiert\u201c f\u00f6rdert auf diese Weise die sprachliche und politische Bildung und ist damit Bestandteil einer Erziehung zur M\u00fcndigkeit.<\/p>\n","protected":false},"excerpt":{"rendered":"<p>Im Rahmen des Deutschunterrichts \u00fcben alle Sch\u00fcler_innen des 9. Jahrgangs des Max-Planck-Gymnasiums den Umgang mit dem Debattenformat von \u201eJugend debattiert\u201c. Anschlie\u00dfend debattieren sie in einem Klassenwettbewerb gegeneinander. Die Sieger_innen aus den einzelnen Klassen treten im Schulwettbewerb gegeneinander an. H\u00f6hepunkt ist die Finaldebatte in der Aula des Max-Planck-Gymnasiums im Januar. Die Sieger_innen des Schulwettbewerbs nehmen an &hellip; <\/p>\n<p class=\"link-more\"><a href=\"https:\/\/mpg-do.de\/?page_id=11814\" class=\"more-link\"><span class=\"screen-reader-text\">\u201eJugend debattiert\u201c <\/span>weiterlesen<\/a><\/p>\n","protected":false},"author":11,"featured_media":0,"parent":0,"menu_order":0,"comment_status":"closed","ping_status":"closed","template":"","meta":{"_crdt_document":"","footnotes":""},"class_list":["post-11814","page","type-page","status-publish","hentry","entry"],"_links":{"self":[{"href":"https:\/\/mpg-do.de\/index.php?rest_route=\/wp\/v2\/pages\/11814","targetHints":{"allow":["GET"]}}],"collection":[{"href":"https:\/\/mpg-do.de\/index.php?rest_route=\/wp\/v2\/pages"}],"about":[{"href":"https:\/\/mpg-do.de\/index.php?rest_route=\/wp\/v2\/types\/page"}],"author":[{"embeddable":true,"href":"https:\/\/mpg-do.de\/index.php?rest_route=\/wp\/v2\/users\/11"}],"replies":[{"embeddable":true,"href":"https:\/\/mpg-do.de\/index.php?rest_route=%2Fwp%2Fv2%2Fcomments&post=11814"}],"version-history":[{"count":2,"href":"https:\/\/mpg-do.de\/index.php?rest_route=\/wp\/v2\/pages\/11814\/revisions"}],"predecessor-version":[{"id":11827,"href":"https:\/\/mpg-do.de\/index.php?rest_route=\/wp\/v2\/pages\/11814\/revisions\/11827"}],"wp:attachment":[{"href":"https:\/\/mpg-do.de\/index.php?rest_route=%2Fwp%2Fv2%2Fmedia&parent=11814"}],"curies":[{"name":"wp","href":"https:\/\/api.w.org\/{rel}","templated":true}]}}