{"id":6755,"date":"2019-09-13T08:46:00","date_gmt":"2019-09-13T06:46:00","guid":{"rendered":"https:\/\/noobserver.de\/?page_id=6755"},"modified":"2019-09-13T10:10:59","modified_gmt":"2019-09-13T08:10:59","slug":"schuelerfirma","status":"publish","type":"page","link":"https:\/\/mpg-do.de\/?page_id=6755","title":{"rendered":"Sch\u00fclerfirma"},"content":{"rendered":"<p>Die Sch\u00fclerfirma unter der Leitung von Herrn Seifert trifft sich donnersags\u00a0in der 7. Stunde\u00a0in Raum 13a. Sie ist f\u00fcr Sch\u00fcler_innen ab der Jahrgangsstufe 8 ge\u00f6ffnet.<\/p>\n<p>Um schon w\u00e4hrend der Schulzeit Einblicke in das Arbeitsleben zu bekommen, k\u00f6nnen sich Sch\u00fcler mit einem Lehrer als Betreuer zusammenschlie\u00dfen und eine Sch\u00fclerfirma gr\u00fcnden. Prinzipiell funktioniert sie wie ein gr\u00f6\u00dferes Unternehmen: Es werden Produkte oder Dienstleistungen erstellt, beworben und verkauft. Es gibt Abteilungen wie Buchhaltung, Marketing etc. Gemeinsam werden Teambesprechungen abgehalten, Business-Pl\u00e4ne erstellt und Investitionen geplant.<\/p>\n<p>Die Aufgaben der Mitarbeiter unterscheiden sich je nach Abteilung der Firma. Eine wichtige Abteilung, welche eher im Hintergrund t\u00e4tig ist, ist z.B. die Buchhaltung, welche eine ausf\u00fchrliche \u00dcbersicht \u00fcber Einnahmen und Ausgaben gibt. Des weiteren gibt es Aufgaben im Bereich Marketing, wie das Erstellen von Plakaten. Der Schwerpunkt der Firma liegt jedoch im Entwickeln der Produkte. Hierf\u00fcr m\u00fcssen Entw\u00fcrfe designed werden, welche wir f\u00fcr den Druck mit Fotobearbeitungs Programmen umsetzen.<\/p>\n<p>Grunds\u00e4tzlich kann jeder Sch\u00fcler, ab der 7. Klasse, bei uns mitmachen. Man sollte jedoch vorher bedenken, dass man schon als Mitglied einer kleinen Sch\u00fclerfirma zum Teil gro\u00dfe Verantwortung \u00fcbernimmt und deshalb zuverl\u00e4ssig und sorgf\u00e4ltig sein sollte.<br \/>\nDie Sch\u00fclerfirma bem\u00fcht sich, ein gutes Preis-Leistungsverh\u00e4ltnis zu bieten, so dass die Produkte auch vom Taschengeld der Sch\u00fcler bezahlbar sind.<br \/>\nDer Erl\u00f6s wird zun\u00e4chst als Kapital der Firma f\u00fcr Investitionen und weitere Ausgaben gesammelt. Am Ende eines Rechnungsjahres geht durch den\u00a0Firmenschwerpunkt \u201eDesign\u201c ein Teil des\u00a0Erl\u00f6ses der Fachschaft Kunst zugute. \u00dcber den Rest des Geldes verf\u00fcgt die Sch\u00fclerfirma.<\/p>\n<p>Es ist ein sch\u00f6nes Gef\u00fchl, ein Produkt zu entwickeln und nach einem langen Prozess schlie\u00dflich das Ergebnis in der Hand zu halten und dieses Anderen anbieten zu k\u00f6nnen.<\/p>\n<p>Besuchen Sie die Sch\u00fclerfirma \u201eStudent Style\u201c auf Facebook<\/p>\n<p><a href=\"https:\/\/www.facebook.com\/DieSchuelerfirma\/\">https:\/\/www.facebook.com\/DieSchuelerfirma\/<\/a><\/p>\n<p><a href=\"..\/?tag=schuelerfirma\">Weitere Beitr\u00e4ge zur Sch\u00fclerfirma<\/a><\/p>\n","protected":false},"excerpt":{"rendered":"<p>Die Sch\u00fclerfirma unter der Leitung von Herrn Seifert trifft sich donnersags\u00a0in der 7. Stunde\u00a0in Raum 13a. Sie ist f\u00fcr Sch\u00fcler_innen ab der Jahrgangsstufe 8 ge\u00f6ffnet. Um schon w\u00e4hrend der Schulzeit Einblicke in das Arbeitsleben zu bekommen, k\u00f6nnen sich Sch\u00fcler mit einem Lehrer als Betreuer zusammenschlie\u00dfen und eine Sch\u00fclerfirma gr\u00fcnden. Prinzipiell funktioniert sie wie ein gr\u00f6\u00dferes &hellip; <\/p>\n<p class=\"link-more\"><a href=\"https:\/\/mpg-do.de\/?page_id=6755\" class=\"more-link\"><span class=\"screen-reader-text\">\u201eSch\u00fclerfirma\u201c <\/span>weiterlesen<\/a><\/p>\n","protected":false},"author":11,"featured_media":2741,"parent":679,"menu_order":0,"comment_status":"closed","ping_status":"closed","template":"","meta":{"_crdt_document":"","footnotes":""},"class_list":["post-6755","page","type-page","status-publish","has-post-thumbnail","hentry","entry"],"_links":{"self":[{"href":"https:\/\/mpg-do.de\/index.php?rest_route=\/wp\/v2\/pages\/6755","targetHints":{"allow":["GET"]}}],"collection":[{"href":"https:\/\/mpg-do.de\/index.php?rest_route=\/wp\/v2\/pages"}],"about":[{"href":"https:\/\/mpg-do.de\/index.php?rest_route=\/wp\/v2\/types\/page"}],"author":[{"embeddable":true,"href":"https:\/\/mpg-do.de\/index.php?rest_route=\/wp\/v2\/users\/11"}],"replies":[{"embeddable":true,"href":"https:\/\/mpg-do.de\/index.php?rest_route=%2Fwp%2Fv2%2Fcomments&post=6755"}],"version-history":[{"count":2,"href":"https:\/\/mpg-do.de\/index.php?rest_route=\/wp\/v2\/pages\/6755\/revisions"}],"predecessor-version":[{"id":6920,"href":"https:\/\/mpg-do.de\/index.php?rest_route=\/wp\/v2\/pages\/6755\/revisions\/6920"}],"up":[{"embeddable":true,"href":"https:\/\/mpg-do.de\/index.php?rest_route=\/wp\/v2\/pages\/679"}],"wp:featuredmedia":[{"embeddable":true,"href":"https:\/\/mpg-do.de\/index.php?rest_route=\/wp\/v2\/media\/2741"}],"wp:attachment":[{"href":"https:\/\/mpg-do.de\/index.php?rest_route=%2Fwp%2Fv2%2Fmedia&parent=6755"}],"curies":[{"name":"wp","href":"https:\/\/api.w.org\/{rel}","templated":true}]}}