{"id":710,"date":"2015-05-26T21:53:15","date_gmt":"2015-05-26T19:53:15","guid":{"rendered":"http:\/\/news.mpg-dortmund.de\/?page_id=710"},"modified":"2024-10-07T13:05:14","modified_gmt":"2024-10-07T11:05:14","slug":"erprobungsstufe","status":"publish","type":"page","link":"https:\/\/mpg-do.de\/?page_id=710","title":{"rendered":"Erprobungsstufe"},"content":{"rendered":"<div class=\"wp-block-image is-style-circle-mask\">\n<figure class=\"alignright is-resized\"><img loading=\"lazy\" decoding=\"async\" width=\"400\" height=\"403\" src=\"https:\/\/noobserver.de\/wp-content\/uploads\/2016\/11\/kloehn.jpg\" alt=\"\" class=\"wp-image-3229\" style=\"width:264px;height:266px\" srcset=\"https:\/\/mpg-do.de\/wp-content\/uploads\/2016\/11\/kloehn.jpg 400w, https:\/\/mpg-do.de\/wp-content\/uploads\/2016\/11\/kloehn-298x300.jpg 298w, https:\/\/mpg-do.de\/wp-content\/uploads\/2016\/11\/kloehn-64x64.jpg 64w, https:\/\/mpg-do.de\/wp-content\/uploads\/2016\/11\/kloehn-199x200.jpg 199w\" sizes=\"auto, (max-width: 400px) 100vw, 400px\" \/><figcaption class=\"wp-element-caption\">Bastian Kl\u00f6hn, Eprobungsstufenkoordinator <br>am MPG<\/figcaption><\/figure>\n<\/div>\n\n\n<p class=\"wp-block-paragraph\" style=\"font-size:16px\">Sehr geehrte Eltern, liebe Sch\u00fclerinnen und Sch\u00fcler!<\/p>\n\n\n\n<p class=\"wp-block-paragraph\">Demn\u00e4chst wird Ihr Kind und wirst du die Erprobungsstufe des Max-Planck-Gymnasiums besuchen oder du bist schon jetzt bei uns. Der \u00dcbergang zum Gymnasium ist ein pr\u00e4gender Schritt und aus diesem Grund m\u00f6chte ich die Gelegenheit nutzen, einige Anmerkungen zu dieser Schulphase zu machen.<\/p>\n\n\n\n<p class=\"wp-block-paragraph\">Kurz zu meiner Person: Meine Name ist Bastian Kl\u00f6hn und seit 2015 leite ich die Erprobungsstufe.<\/p>\n\n\n\n<p class=\"wp-block-paragraph\">Was ist uns, den Lehrerinnen und Lehrern des MPGs, im Rahmen der Erprobungsstufe wichtig?<\/p>\n\n\n\n<p class=\"wp-block-paragraph\">Der einzelne Sch\u00fcler mit seiner Pers\u00f6nlichkeit steht im Mittelpunkt. Leistung ist mit Sicherheit ein Kriterium, das in der Schule erbracht werden muss und zudem bewertet wird. ABER die Leistungen der Sch\u00fclerinnen und Sch\u00fcler in diesem Alter sind teilweise noch sehr unterschiedlich. Noten dr\u00fccken nicht immer das Potenzial des Einzelnen oder der Einzelnen aus, deswegen ist die Zeit in den Jahrg\u00e4ngen f\u00fcnf und sechs auch eine Phase der Beobachtung durch die Lehrer und eine Phase der Entwicklung der Sch\u00fcler. Erst das Zeugnis der Jahrgangsstufe sechs ist f\u00fcr die Versetzung relevant und das ist in unseren Augen richtig!<\/p>\n\n\n\n<p class=\"wp-block-paragraph\">Einigen Sch\u00fclern f\u00e4llt die Umstellung auf das Gymnasium etwas schwerer und f\u00fcr diese Sch\u00fcler gibt es vielf\u00e4ltige Unterst\u00fctzungsma\u00dfnahmen.<\/p>\n\n\n\n<p class=\"wp-block-paragraph\">Zusammen \u2013 Sch\u00fcler_innen, Eltern, Lehrkr\u00e4fte \u2013 soll in diesen zwei Jahren der Weg f\u00fcr das Ziel Abitur geebnet werden. Wir meinen, dass von diesen drei Seiten bei auftretenden Schwierigkeiten Ma\u00dfnahmen ergriffen und umgesetzt werden m\u00fcssen. Beratungstermine au\u00dferhalb der Elternsprechtage k\u00f6nnen bei Bedarf mit den Klassenlehrern oder der Stufenleitung vereinbart werden.<\/p>\n\n\n\n<p class=\"wp-block-paragraph\">Um F\u00f6rderma\u00dfnahmen gezielt setzen zu k\u00f6nnen, halten wir den Austausch der Lehrkr\u00e4fte innerhalb des Klassenteams \u00fcber die Situation in der jeweiligen Lerngruppe und die einzelnen Sch\u00fcler_innen f\u00fcr unverzichtbar. Deshalb finden regelm\u00e4\u00dfig Erprobungsstufenkonferenzen statt. Dieser h\u00e4ufige Austausch erm\u00f6glicht es, ein ganzheitliches Bild vom jeweiligen Sch\u00fcler zu bekommen und eventuelle Schw\u00e4chen f\u00e4cher\u00fcbergreifend zu erkennen und diesen entgegenzuwirken. Auf der anderen Seite k\u00f6nnen aber auch St\u00e4rken gef\u00f6rdert werden. Zudem wird im Rahmen dieser Konferenzen auch das Gespr\u00e4ch mit den Grundschulen gesucht.<\/p>\n\n\n\n<p class=\"wp-block-paragraph\">Ein weiterer Baustein der Arbeit in der Arbeit mit den Kindern in der Erprobungsstufe ist das Patenprojekt. Sch\u00fclerinnen und Sch\u00fcler des neunten Jahrgangs begleiten die j\u00fcngeren Sch\u00fcler und helfen ihnen bei der Eingew\u00f6hnung und planen zum Beispiel Klassenausfl\u00fcge.<\/p>\n\n\n\n<p class=\"wp-block-paragraph\">Damit Sie und Ihr Euch ein Bild von der Arbeit der Erprobungsstufe machen k\u00f6nnen, laden wir Sie und Euch jedes Jahr an einem Samstag im November zum Tag der offenen T\u00fcr ein. An diesem Tag besteht die M\u00f6glichkeit, den Unterricht in der Erprobungsstufe zu besuchen und das Gespr\u00e4ch mit uns Lehrkr\u00e4ften zu suchen.<\/p>\n\n\n\n<p class=\"wp-block-paragraph\">F\u00fcr Fragen aller Art k\u00f6nnen Sie mich gerne kontaktieren.<\/p>\n\n\n\n<p class=\"wp-block-paragraph\">Bastian Kl\u00f6hn<br>Erprobungsstufenkoordinator<\/p>\n\n\n\n<p class=\"wp-block-paragraph\" style=\"font-size:16px\">Kloehn (at)&nbsp;<a href=\"http:\/\/mpg-dortmund.de\/\" target=\"_blank\" rel=\"noreferrer noopener\">mpg-dortmund.de<\/a><\/p>\n\n\n\n<p class=\"wp-block-paragraph\" style=\"font-size:16px\"><a href=\"..\/?page_id=6818\">Patenprojekt<\/a><\/p>\n","protected":false},"excerpt":{"rendered":"<p>Sehr geehrte Eltern, liebe Sch\u00fclerinnen und Sch\u00fcler! Demn\u00e4chst wird Ihr Kind und wirst du die Erprobungsstufe des Max-Planck-Gymnasiums besuchen oder du bist schon jetzt bei uns. Der \u00dcbergang zum Gymnasium ist ein pr\u00e4gender Schritt und aus diesem Grund m\u00f6chte ich die Gelegenheit nutzen, einige Anmerkungen zu dieser Schulphase zu machen. Kurz zu meiner Person: Meine &hellip; <\/p>\n<p class=\"link-more\"><a href=\"https:\/\/mpg-do.de\/?page_id=710\" class=\"more-link\"><span class=\"screen-reader-text\">\u201eErprobungsstufe\u201c <\/span>weiterlesen<\/a><\/p>\n","protected":false},"author":13,"featured_media":0,"parent":0,"menu_order":0,"comment_status":"closed","ping_status":"closed","template":"","meta":{"_crdt_document":"","footnotes":""},"class_list":["post-710","page","type-page","status-publish","hentry","entry"],"_links":{"self":[{"href":"https:\/\/mpg-do.de\/index.php?rest_route=\/wp\/v2\/pages\/710","targetHints":{"allow":["GET"]}}],"collection":[{"href":"https:\/\/mpg-do.de\/index.php?rest_route=\/wp\/v2\/pages"}],"about":[{"href":"https:\/\/mpg-do.de\/index.php?rest_route=\/wp\/v2\/types\/page"}],"author":[{"embeddable":true,"href":"https:\/\/mpg-do.de\/index.php?rest_route=\/wp\/v2\/users\/13"}],"replies":[{"embeddable":true,"href":"https:\/\/mpg-do.de\/index.php?rest_route=%2Fwp%2Fv2%2Fcomments&post=710"}],"version-history":[{"count":51,"href":"https:\/\/mpg-do.de\/index.php?rest_route=\/wp\/v2\/pages\/710\/revisions"}],"predecessor-version":[{"id":13613,"href":"https:\/\/mpg-do.de\/index.php?rest_route=\/wp\/v2\/pages\/710\/revisions\/13613"}],"wp:attachment":[{"href":"https:\/\/mpg-do.de\/index.php?rest_route=%2Fwp%2Fv2%2Fmedia&parent=710"}],"curies":[{"name":"wp","href":"https:\/\/api.w.org\/{rel}","templated":true}]}}